{"id":329,"date":"2026-02-08T19:43:31","date_gmt":"2026-02-08T18:43:31","guid":{"rendered":"https:\/\/www.sonmanxe.com\/?page_id=329"},"modified":"2026-08-20T17:42:14","modified_gmt":"2026-08-20T15:42:14","slug":"pueblos","status":"publish","type":"page","link":"https:\/\/www.sonmanxe.com\/de\/pueblos\/","title":{"rendered":"D\u00f6rfer"},"content":{"rendered":"<h2 class=\"wp-block-heading has-text-align-center has-large-font-size\">Pueblos con encanto<\/h2>\n\n\n\n<p class=\"has-text-align-center has-black-color has-text-color has-link-color wp-elements-1 wp-block-paragraph\">Calles tranquilas, plazas con vida y rincones que cuentan historias.<\/p>\n\n\n\n<p class=\"has-text-align-center has-black-color has-text-color has-link-color wp-elements-2 wp-block-paragraph\">Muy cerca de Son Manx\u00e9 encontrar\u00e1s pueblos aut\u00e9nticos donde descubrir las esencia de Mallorca sin prisas.<\/p>\n\n\n\n<div class=\"wp-block-columns is-layout-flex wp-container-core-columns-is-layout-7387b849 wp-block-columns-is-layout-flex\">\n<div class=\"wp-block-column is-layout-flow wp-block-column-is-layout-flow\">\n<div class=\"wp-block-uagb-image uagb-block-0318761a wp-block-uagb-image--layout-default wp-block-uagb-image--effect-static wp-block-uagb-image--align-none\"><figure class=\"wp-block-uagb-image__figure\"><img decoding=\"async\" src=\"https:\/\/www.sonmanxe.com\/wp-content\/uploads\/2026\/08\/son-carrio-1024x683.png\" alt=\"\" class=\"uag-image-664\" width=\"1024\" height=\"683\" title=\"son carrio\" loading=\"lazy\" role=\"img\" \/><\/figure><\/div>\n\n\n\n<h3 class=\"wp-block-heading has-text-align-center\">Son Carri\u00f3<\/h3>\n\n\n\n<p class=\"has-black-color has-text-color has-link-color wp-elements-3 wp-block-paragraph\">Un peque\u00f1o pueblo con encanto y un ambiente tranquilo.<\/p>\n\n\n\n<p class=\"has-black-color has-text-color has-link-color wp-elements-4 wp-block-paragraph\">Perfecto para pasear sin prisas, descubrir la Mallorca m\u00e1s aut\u00e9ntica y disfrutar de sus peque\u00f1os rincones. <\/p>\n\n\n\n<p class=\"has-black-color has-text-color has-link-color wp-elements-5 wp-block-paragraph\">\ud83d\udccd Muy cerca de Son Manx\u00e9<\/p>\n<\/div>\n\n\n\n<div class=\"wp-block-column is-layout-flow wp-block-column-is-layout-flow\">\n<div class=\"wp-block-uagb-image uagb-block-c69058c7 wp-block-uagb-image--layout-default wp-block-uagb-image--effect-static wp-block-uagb-image--align-none\"><figure class=\"wp-block-uagb-image__figure\"><img decoding=\"async\" src=\"https:\/\/www.sonmanxe.com\/wp-content\/uploads\/2026\/08\/santllo-1024x683.png\" alt=\"\" class=\"uag-image-665\" width=\"1024\" height=\"683\" title=\"santllo\" loading=\"lazy\" role=\"img\" \/><\/figure><\/div>\n\n\n\n<h3 class=\"wp-block-heading has-text-align-center\">Sant Lloren\u00e7 des Cardassar<\/h3>\n\n\n\n<p class=\"has-black-color has-text-color has-link-color wp-elements-6 wp-block-paragraph\">Un pueblo tranquilo, rodeado de naturaleza y con car\u00e1cter local. <\/p>\n\n\n\n<p class=\"has-black-color has-text-color has-link-color wp-elements-7 wp-block-paragraph\">Perfecto para descubrir la Mallorca m\u00e1s rural y disfrutar de su ambiente relajado. <\/p>\n\n\n\n<p class=\"has-black-color has-text-color has-link-color wp-elements-8 wp-block-paragraph\">\ud83d\udccdAproximadamente 5 minutos en coche<\/p>\n<\/div>\n\n\n\n<div class=\"wp-block-column is-layout-flow wp-block-column-is-layout-flow\">\n<div class=\"wp-block-uagb-image uagb-block-a5bffb0b wp-block-uagb-image--layout-default wp-block-uagb-image--effect-static wp-block-uagb-image--align-none\"><figure class=\"wp-block-uagb-image__figure\"><img decoding=\"async\" src=\"https:\/\/www.sonmanxe.com\/wp-content\/uploads\/2026\/08\/arta-1024x683.png\" alt=\"\" class=\"uag-image-666\" width=\"1024\" height=\"683\" title=\"arta\" loading=\"lazy\" role=\"img\" \/><\/figure><\/div>\n\n\n\n<h3 class=\"wp-block-heading has-text-align-center\">Art\u00e0<\/h3>\n\n\n\n<p class=\"has-black-color has-text-color has-link-color wp-elements-9 wp-block-paragraph\">Uno de los pueblos con m\u00e1s personalidad de la zona, con calles bonitas y un ambiente especial.<\/p>\n\n\n\n<p class=\"has-black-color has-text-color has-link-color wp-elements-10 wp-block-paragraph\">Destaca por su iglesia en lo alto del pueblo y sus vistas panor\u00e1micas.<\/p>\n\n\n\n<p class=\"has-black-color has-text-color has-link-color wp-elements-11 wp-block-paragraph\">\ud83d\udccd Aproximadamente 15\u201320 min en coche<\/p>\n<\/div>\n<\/div>\n\n\n\n<div class=\"wp-block-group is-layout-constrained wp-block-group-is-layout-constrained\">\n<div class=\"wp-block-columns is-layout-flex wp-container-core-columns-is-layout-7387b849 wp-block-columns-is-layout-flex\">\n<div class=\"wp-block-column is-layout-flow wp-block-column-is-layout-flow\">\n<div class=\"wp-block-uagb-image uagb-block-9427c8c4 wp-block-uagb-image--layout-default wp-block-uagb-image--effect-static wp-block-uagb-image--align-none\"><figure class=\"wp-block-uagb-image__figure\"><img decoding=\"async\" src=\"https:\/\/www.sonmanxe.com\/wp-content\/uploads\/2026\/08\/porto-cristo-1024x683.png\" alt=\"\" class=\"uag-image-667\" width=\"1024\" height=\"683\" title=\"porto cristo\" loading=\"lazy\" role=\"img\" \/><\/figure><\/div>\n\n\n\n<h3 class=\"wp-block-heading has-text-align-center\">Porto Cristo<\/h3>\n\n\n\n<p class=\"has-black-color has-text-color has-link-color wp-elements-12 wp-block-paragraph\">Un pueblo costero con puerto, paseo mar\u00edtimo y un ambiente muy agradable.<\/p>\n\n\n\n<p class=\"has-black-color has-text-color has-link-color wp-elements-13 wp-block-paragraph\">Ideal para combinar playa, paseo y una comida junto al mar.<\/p>\n\n\n\n<p class=\"has-black-color has-text-color has-link-color wp-elements-14 wp-block-paragraph\">\ud83d\udccd Aproximadamente 10\u201315 min en coche<\/p>\n<\/div>\n\n\n\n<div class=\"wp-block-column is-layout-flow wp-block-column-is-layout-flow\">\n<div class=\"wp-block-uagb-image uagb-block-205b4606 wp-block-uagb-image--layout-default wp-block-uagb-image--effect-static wp-block-uagb-image--align-none\"><figure class=\"wp-block-uagb-image__figure\"><img decoding=\"async\" src=\"https:\/\/www.sonmanxe.com\/wp-content\/uploads\/2026\/08\/manacor-1024x683.png\" alt=\"\" class=\"uag-image-668\" width=\"1024\" height=\"683\" title=\"manacor\" loading=\"lazy\" role=\"img\" \/><\/figure><\/div>\n\n\n\n<h3 class=\"wp-block-heading has-text-align-center\">Manacor<\/h3>\n\n\n\n<p class=\"has-black-color has-text-color has-link-color wp-elements-15 wp-block-paragraph\">Una ciudad cercana con todos los servicios, comercios y ambiente local. <\/p>\n\n\n\n<p class=\"has-black-color has-text-color has-link-color wp-elements-16 wp-block-paragraph\">Perfecta para hacer compras, conocer la vida cotidiana de la isla y disfrutar de una Mallorca m\u00e1s aut\u00e9ntica fuera de las zonas tur\u00edsticas. <\/p>\n\n\n\n<p class=\"has-black-color has-text-color has-link-color wp-elements-17 wp-block-paragraph\">\ud83d\udccd Aproximadamente 10\u201315 min en coche<\/p>\n<\/div>\n\n\n\n<div class=\"wp-block-column is-layout-flow wp-block-column-is-layout-flow\">\n<div class=\"wp-block-uagb-image uagb-block-fcf6a287 wp-block-uagb-image--layout-default wp-block-uagb-image--effect-static wp-block-uagb-image--align-none\"><figure class=\"wp-block-uagb-image__figure\"><img decoding=\"async\" src=\"https:\/\/www.sonmanxe.com\/wp-content\/uploads\/2026\/08\/sa-coma-1-1024x683.png\" alt=\"\" class=\"uag-image-669\" width=\"1024\" height=\"683\" title=\"sa coma\" loading=\"lazy\" role=\"img\" \/><\/figure><\/div>\n\n\n\n<h3 class=\"wp-block-heading has-text-align-center\">Sa Coma<\/h3>\n\n\n\n<p class=\"has-black-color has-text-color has-link-color wp-elements-18 wp-block-paragraph\">Una playa amplia, tranquila y muy c\u00f3moda, ideal para disfrutar en familia.<\/p>\n\n\n\n<p class=\"has-black-color has-text-color has-link-color wp-elements-19 wp-block-paragraph\">Sus aguas poco profundas y el ambiente relajado la convierten en una opci\u00f3n perfecta para pasar el d\u00eda sin prisas y con todas las facilidades cerca.<\/p>\n\n\n\n<p class=\"has-black-color has-text-color has-link-color wp-elements-20 wp-block-paragraph\">\ud83d\udccd Aproximadamente 20 min en coche<\/p>\n<\/div>\n<\/div>\n\n\n\n<p class=\"has-black-color has-text-color has-link-color wp-elements-21 wp-block-paragraph\">Cada pueblo tiene su propio ritmo y su encanto especial.<\/p>\n\n\n\n<p class=\"has-black-color has-text-color has-link-color wp-elements-22 wp-block-paragraph\">Te recomendamos dedicar tiempo a pasear sin rumbo, descubrir peque\u00f1os detalles y disfrutar del ambiente local.<\/p>\n\n\n\n<p class=\"wp-block-paragraph\"><\/p>\n<\/div>","protected":false},"excerpt":{"rendered":"<p>Pueblos con encanto Calles tranquilas, plazas con vida y rincones que cuentan historias. Muy cerca de Son Manx\u00e9 encontrar\u00e1s pueblos aut\u00e9nticos donde descubrir las esencia de Mallorca sin prisas. Son [&hellip;]<\/p>\n","protected":false},"author":1,"featured_media":0,"parent":0,"menu_order":0,"comment_status":"closed","ping_status":"closed","template":"","meta":{"_uag_custom_page_level_css":"","site-sidebar-layout":"default","site-content-layout":"","ast-site-content-layout":"default","site-content-style":"default","site-sidebar-style":"default","ast-global-header-display":"","ast-banner-title-visibility":"","ast-main-header-display":"","ast-hfb-above-header-display":"","ast-hfb-below-header-display":"","ast-hfb-mobile-header-display":"","site-post-title":"disabled","ast-breadcrumbs-content":"","ast-featured-img":"","footer-sml-layout":"","ast-disable-related-posts":"","theme-transparent-header-meta":"","adv-header-id-meta":"","stick-header-meta":"","header-above-stick-meta":"","header-main-stick-meta":"","header-below-stick-meta":"","astra-migrate-meta-layouts":"default","ast-page-background-enabled":"default","ast-page-background-meta":{"desktop":{"background-color":"var(--ast-global-color-5)","background-image":"","background-repeat":"repeat","background-position":"center center","background-size":"auto","background-attachment":"scroll","background-type":"","background-media":"","overlay-type":"","overlay-color":"","overlay-opacity":"","overlay-gradient":""},"tablet":{"background-color":"","background-image":"","background-repeat":"repeat","background-position":"center center","background-size":"auto","background-attachment":"scroll","background-type":"","background-media":"","overlay-type":"","overlay-color":"","overlay-opacity":"","overlay-gradient":""},"mobile":{"background-color":"","background-image":"","background-repeat":"repeat","background-position":"center center","background-size":"auto","background-attachment":"scroll","background-type":"","background-media":"","overlay-type":"","overlay-color":"","overlay-opacity":"","overlay-gradient":""}},"ast-content-background-meta":{"desktop":{"background-color":"var(--ast-global-color-4)","background-image":"","background-repeat":"repeat","background-position":"center center","background-size":"auto","background-attachment":"scroll","background-type":"","background-media":"","overlay-type":"","overlay-color":"","overlay-opacity":"","overlay-gradient":""},"tablet":{"background-color":"var(--ast-global-color-4)","background-image":"","background-repeat":"repeat","background-position":"center center","background-size":"auto","background-attachment":"scroll","background-type":"","background-media":"","overlay-type":"","overlay-color":"","overlay-opacity":"","overlay-gradient":""},"mobile":{"background-color":"var(--ast-global-color-4)","background-image":"","background-repeat":"repeat","background-position":"center center","background-size":"auto","background-attachment":"scroll","background-type":"","background-media":"","overlay-type":"","overlay-color":"","overlay-opacity":"","overlay-gradient":""}},"footnotes":""},"class_list":["post-329","page","type-page","status-publish","hentry"],"uagb_featured_image_src":{"full":false,"thumbnail":false,"medium":false,"medium_large":false,"large":false,"1536x1536":false,"2048x2048":false,"trp-custom-language-flag":false},"uagb_author_info":{"display_name":"Janadoc","author_link":"https:\/\/www.sonmanxe.com\/de\/author\/infojanadocgmail-com\/"},"uagb_comment_info":0,"uagb_excerpt":"Pueblos con encanto Calles tranquilas, plazas con vida y rincones que cuentan historias. Muy cerca de Son Manx\u00e9 encontrar\u00e1s pueblos aut\u00e9nticos donde descubrir las esencia de Mallorca sin prisas. Son [&hellip;]","_links":{"self":[{"href":"https:\/\/www.sonmanxe.com\/de\/wp-json\/wp\/v2\/pages\/329","targetHints":{"allow":["GET"]}}],"collection":[{"href":"https:\/\/www.sonmanxe.com\/de\/wp-json\/wp\/v2\/pages"}],"about":[{"href":"https:\/\/www.sonmanxe.com\/de\/wp-json\/wp\/v2\/types\/page"}],"author":[{"embeddable":true,"href":"https:\/\/www.sonmanxe.com\/de\/wp-json\/wp\/v2\/users\/1"}],"replies":[{"embeddable":true,"href":"https:\/\/www.sonmanxe.com\/de\/wp-json\/wp\/v2\/comments?post=329"}],"version-history":[{"count":9,"href":"https:\/\/www.sonmanxe.com\/de\/wp-json\/wp\/v2\/pages\/329\/revisions"}],"predecessor-version":[{"id":834,"href":"https:\/\/www.sonmanxe.com\/de\/wp-json\/wp\/v2\/pages\/329\/revisions\/834"}],"wp:attachment":[{"href":"https:\/\/www.sonmanxe.com\/de\/wp-json\/wp\/v2\/media?parent=329"}],"curies":[{"name":"wp","href":"https:\/\/api.w.org\/{rel}","templated":true}]}}