{"id":325,"date":"2026-02-02T19:06:54","date_gmt":"2026-02-02T18:06:54","guid":{"rendered":"https:\/\/www.sonmanxe.com\/?page_id=325"},"modified":"2026-08-23T17:11:54","modified_gmt":"2026-08-23T15:11:54","slug":"playas-y-calas","status":"publish","type":"page","link":"https:\/\/www.sonmanxe.com\/de\/playas-y-calas\/","title":{"rendered":"Playas"},"content":{"rendered":"<h2 class=\"wp-block-heading has-text-align-center\">Playas y calas que enamoran<\/h2>\n\n\n\n<p class=\"has-text-align-center has-black-color has-text-color has-link-color wp-elements-1 wp-block-paragraph\">Estas son algunas de nuestras playas favoritas cerca de Son Manx\u00e9<\/p>\n\n\n\n<p class=\"has-text-align-center has-black-color has-text-color has-link-color wp-elements-2 wp-block-paragraph\">Cada una tiene su encanto: desde calas m\u00e1s salvajes hasta opciones c\u00f3modas y familiares para disfrutar del mar sin prisas.<\/p>\n\n\n\n<hr class=\"wp-block-separator has-alpha-channel-opacity\"\/>\n\n\n\n<div class=\"wp-block-columns is-layout-flex wp-container-core-columns-is-layout-7387b849 wp-block-columns-is-layout-flex\">\n<div class=\"wp-block-column is-layout-flow wp-block-column-is-layout-flow\">\n<div class=\"wp-block-uagb-image uagb-block-0886170a wp-block-uagb-image--layout-default wp-block-uagb-image--effect-static wp-block-uagb-image--align-none\"><figure class=\"wp-block-uagb-image__figure\"><img decoding=\"async\" src=\"https:\/\/www.sonmanxe.com\/wp-content\/uploads\/2026\/08\/Cala-Romantica-1024x683.png\" alt=\"\" class=\"uag-image-640\" width=\"1024\" height=\"683\" title=\"Cala Rom\u00e1ntica\" loading=\"lazy\" role=\"img\" \/><\/figure><\/div>\n\n\n\n<h3 class=\"wp-block-heading has-text-align-center has-medium-font-size\">Cala Rom\u00e1ntica<\/h3>\n\n\n\n<p class=\"has-black-color has-text-color has-link-color wp-elements-3 wp-block-paragraph\">Aguas tranquilas, arena fina y un ambiente familiar. <\/p>\n\n\n\n<p class=\"has-black-color has-text-color has-link-color wp-elements-4 wp-block-paragraph\">Ideal para pasar el d\u00eda sin prisas, disfrutar del sol y ba\u00f1arse en un entorno c\u00f3modo y accesible. <\/p>\n\n\n\n<p class=\"has-black-color has-text-color has-link-color wp-elements-5 wp-block-paragraph\">\ud83d\udccdAproximadamente 15-20 min en coche<\/p>\n\n\n\n<p class=\"wp-block-paragraph\">\ud83d\udccd <a href=\"https:\/\/www.google.com\/maps\/dir\/\/CALA+Estany+d'en+Mas,+Passeig+Voramar,+81,+07680+Manacor,+Illes+Balears\/@39.5189727,3.297234,1677m\/data=!3m1!1e3!4m18!1m8!3m7!1s0x12964425d3d53201:0x4b2d8a3976b53661!2sCALA+Estany+d'en+Mas!8m2!3d39.5165419!4d3.3108876!15sChRwbGF5YSBjYWxhIHJvbWFudGljYVoWIhRwbGF5YSBjYWxhIHJvbWFudGljYZIBBWJlYWNomgEkQ2hkRFNVaE5NRzluUzBWSlEwRm5TVU53ZGt4bWFqRlJSUkFC4AEA-gEECAAQIQ!16s%2Fg%2F11c5rthwkm!4m8!1m0!1m5!1m1!1s0x12964425d3d53201:0x4b2d8a3976b53661!2m2!1d3.3108876!2d39.5165419!3e0?entry=ttu&amp;g_ep=EgoyMDI2MDgxOS4wIKXMDSoASAFQAw%3D%3D\" target=\"_blank\" rel=\"noopener\">Ver en Maps<\/a><\/p>\n<\/div>\n\n\n\n<div class=\"wp-block-column is-layout-flow wp-block-column-is-layout-flow\">\n<div class=\"wp-block-uagb-image uagb-block-16d0013b wp-block-uagb-image--layout-default wp-block-uagb-image--effect-static wp-block-uagb-image--align-none\"><figure class=\"wp-block-uagb-image__figure\"><img decoding=\"async\" src=\"https:\/\/www.sonmanxe.com\/wp-content\/uploads\/2026\/08\/cala-anguila-1024x683.png\" alt=\"\" class=\"uag-image-641\" width=\"1024\" height=\"683\" title=\"cala anguila\" loading=\"lazy\" role=\"img\" \/><\/figure><\/div>\n\n\n\n<h3 class=\"wp-block-heading has-text-align-center has-medium-font-size\">Cala Anguila<\/h3>\n\n\n\n<p class=\"has-black-color has-text-color has-link-color wp-elements-6 wp-block-paragraph\">Peque\u00f1a, acogedora y con un color de agua que enamora.<\/p>\n\n\n\n<p class=\"has-black-color has-text-color has-link-color wp-elements-7 wp-block-paragraph\">Un rinc\u00f3n perfecto para quienes buscan una playa tranquila sin alejarse demasiado. <\/p>\n\n\n\n<p class=\"has-black-color has-text-color has-link-color wp-elements-8 wp-block-paragraph\">\ud83d\udccdAproximadamente 15 min en coche<\/p>\n\n\n\n<p class=\"wp-block-paragraph\">\ud83d\udccd <a href=\"https:\/\/www.google.com\/maps\/place\/Cala+Anguila\/@39.5206965,3.3073024,3353m\/data=!3m2!1e3!4b1!4m6!3m5!1s0x129644203fda6651:0xbd57d47a0ad3970!8m2!3d39.5206809!4d3.3176021!16s%2Fg%2F1230jl6v?entry=ttu&amp;g_ep=EgoyMDI2MDgxOS4wIKXMDSoASAFQAw%3D%3D\" target=\"_blank\" rel=\"noopener\">Ver en Maps<\/a><\/p>\n<\/div>\n\n\n\n<div class=\"wp-block-column is-layout-flow wp-block-column-is-layout-flow\">\n<div class=\"wp-block-uagb-image uagb-block-5b281ac8 wp-block-uagb-image--layout-default wp-block-uagb-image--effect-static wp-block-uagb-image--align-none\"><figure class=\"wp-block-uagb-image__figure\"><img decoding=\"async\" src=\"https:\/\/www.sonmanxe.com\/wp-content\/uploads\/2026\/08\/cala-mendia-1-1024x683.png\" alt=\"\" class=\"uag-image-829\" width=\"1024\" height=\"683\" title=\"cala mendia\" loading=\"lazy\" role=\"img\" \/><\/figure><\/div>\n\n\n\n<h3 class=\"wp-block-heading has-text-align-center has-medium-font-size\">Cala Mendia<\/h3>\n\n\n\n<p class=\"has-black-color has-text-color has-link-color wp-elements-9 wp-block-paragraph\">Amplia, luminosa y con un tono turquesa que brilla incluso en los d\u00edas nublados. <\/p>\n\n\n\n<p class=\"has-black-color has-text-color has-link-color wp-elements-10 wp-block-paragraph\">Una opci\u00f3n fant\u00e1stica para disfrutar del mar con espacio y comodidad. <\/p>\n\n\n\n<p class=\"has-black-color has-text-color has-link-color wp-elements-11 wp-block-paragraph\">\ud83d\udccdAproximadamente 15 min en coche<\/p>\n\n\n\n<p class=\"wp-block-paragraph\">\ud83d\udccd <a href=\"https:\/\/www.google.com\/maps\/place\/Cala+Mendia\/@39.5198237,3.3061421,3354m\/data=!3m1!1e3!4m10!1m2!2m1!1sCala+mendia!3m6!1s0x12964420569a3e5d:0x55922d05642492f!8m2!3d39.5198082!4d3.3164418!15sCgtDYWxhIG1lbmRpYZIBA2JheeABAA!16s%2Fg%2F121_jccr?entry=ttu&amp;g_ep=EgoyMDI2MDgxOS4wIKXMDSoASAFQAw%3D%3D\" target=\"_blank\" rel=\"noopener\">Ver en Maps<\/a><\/p>\n<\/div>\n<\/div>\n\n\n\n<div class=\"wp-block-columns is-layout-flex wp-container-core-columns-is-layout-7387b849 wp-block-columns-is-layout-flex\">\n<div class=\"wp-block-column is-layout-flow wp-block-column-is-layout-flow\">\n<div class=\"wp-block-uagb-image uagb-block-78e55f18 wp-block-uagb-image--layout-default wp-block-uagb-image--effect-static wp-block-uagb-image--align-none\"><figure class=\"wp-block-uagb-image__figure\"><img decoding=\"async\" src=\"https:\/\/www.sonmanxe.com\/wp-content\/uploads\/2026\/08\/cala-mesquida-1024x683.png\" alt=\"\" class=\"uag-image-643\" width=\"1024\" height=\"683\" title=\"cala mesquida\" loading=\"lazy\" role=\"img\" \/><\/figure><\/div>\n\n\n\n<h3 class=\"wp-block-heading has-text-align-center\">Cala Mesquida<\/h3>\n\n\n\n<p class=\"has-black-color has-text-color has-link-color wp-elements-12 wp-block-paragraph\">Una cala amplia, natural y rodeada de dunas, con un paisaje espectacular.<\/p>\n\n\n\n<p class=\"has-black-color has-text-color has-link-color wp-elements-13 wp-block-paragraph\">Aunque puede tener algo m\u00e1s de oleaje, es perfecta para disfrutar del mar en un entorno abierto y poco urbanizado<\/p>\n\n\n\n<p class=\"has-black-color has-text-color has-link-color wp-elements-14 wp-block-paragraph\">\ud83d\udccdAproximadamente 35-40 min en coche<\/p>\n\n\n\n<p class=\"wp-block-paragraph\">\ud83d\udccd <a href=\"https:\/\/www.google.com\/maps\/place\/Cala+Mesquida,+Illes+Balears\/@39.7435033,3.4244037,1671m\/data=!3m2!1e3!4b1!4m6!3m5!1s0x129617dd32f23f23:0x5e7e191dbc86edd1!8m2!3d39.7437436!4d3.4290138!16s%2Fg%2F120kt1lm?entry=ttu&amp;g_ep=EgoyMDI2MDgxOS4wIKXMDSoASAFQAw%3D%3D\" target=\"_blank\" rel=\"noopener\">Ver en Maps<\/a><\/p>\n<\/div>\n\n\n\n<div class=\"wp-block-column is-layout-flow wp-block-column-is-layout-flow\">\n<div class=\"wp-block-uagb-image uagb-block-40b2f608 wp-block-uagb-image--layout-default wp-block-uagb-image--effect-static wp-block-uagb-image--align-none\"><figure class=\"wp-block-uagb-image__figure\"><img decoding=\"async\" src=\"https:\/\/www.sonmanxe.com\/wp-content\/uploads\/2026\/08\/sa-coma-1024x683.png\" alt=\"\" class=\"uag-image-644\" width=\"1024\" height=\"683\" title=\"sa coma\" loading=\"lazy\" role=\"img\" \/><\/figure><\/div>\n\n\n\n<h3 class=\"wp-block-heading has-text-align-center\">Sa Coma<\/h3>\n\n\n\n<p class=\"has-black-color has-text-color has-link-color wp-elements-15 wp-block-paragraph\">Una playa grande, tranquila y muy c\u00f3moda, ideal para familias. <\/p>\n\n\n\n<p class=\"has-black-color has-text-color has-link-color wp-elements-16 wp-block-paragraph\">Cuenta con buenos servicios y un acceso f\u00e1cil, perfecta para pasar el d\u00eda con ni\u00f1os o relajarse sin complicaciones.<\/p>\n\n\n\n<p class=\"has-black-color has-text-color has-link-color wp-elements-17 wp-block-paragraph\">\ud83d\udccdAproximadamente 20 min en coche<\/p>\n\n\n\n<p class=\"wp-block-paragraph\">\ud83d\udccd<a href=\"https:\/\/www.google.com\/maps\/place\/Sa+Coma,+Illes+Balears\/@39.5785217,3.3604635,3351m\/data=!3m2!1e3!4b1!4m6!3m5!1s0x129640f25c6a1139:0x368f932b35573030!8m2!3d39.5759267!4d3.3729045!16s%2Fm%2F02x066l?entry=ttu&amp;g_ep=EgoyMDI2MDgxOS4wIKXMDSoASAFQAw%3D%3D\" target=\"_blank\" rel=\"noopener\"> Ver en Maps<\/a><\/p>\n<\/div>\n\n\n\n<div class=\"wp-block-column is-layout-flow wp-block-column-is-layout-flow\">\n<div class=\"wp-block-uagb-image uagb-block-ed2f0a8c wp-block-uagb-image--layout-default wp-block-uagb-image--effect-static wp-block-uagb-image--align-none\"><figure class=\"wp-block-uagb-image__figure\"><img decoding=\"async\" src=\"https:\/\/www.sonmanxe.com\/wp-content\/uploads\/2026\/08\/cala-millor-1024x683.png\" alt=\"\" class=\"uag-image-645\" width=\"1024\" height=\"683\" title=\"cala millor\" loading=\"lazy\" role=\"img\" \/><\/figure><\/div>\n\n\n\n<h3 class=\"wp-block-heading has-text-align-center\">Cala Millor <\/h3>\n\n\n\n<p class=\"has-black-color has-text-color has-link-color wp-elements-18 wp-block-paragraph\">Una de las playas m\u00e1s amplias de la zona, con paseo mar\u00edtimo y todos los servicios. <\/p>\n\n\n\n<p class=\"has-black-color has-text-color has-link-color wp-elements-19 wp-block-paragraph\">Perfecta para quienes buscan ambiente, opciones para comer y largos paseos junto al mar<\/p>\n\n\n\n<p class=\"has-black-color has-text-color has-link-color wp-elements-20 wp-block-paragraph\">\ud83d\udccdAproximadamente 20 min en coche<\/p>\n\n\n\n<p class=\"wp-block-paragraph\">\ud83d\udccd<a href=\"https:\/\/www.google.com\/maps\/place\/Cala+Millor,+Illes+Balears\/@39.6052583,3.377541,1675m\/data=!3m2!1e3!4b1!4m6!3m5!1s0x1296407f5fdf8dbb:0xa02af717f5741a0!8m2!3d39.6043024!4d3.3783644!16s%2Fm%2F02z0zlm?entry=ttu&amp;g_ep=EgoyMDI2MDgxOS4wIKXMDSoASAFQAw%3D%3D\" target=\"_blank\" rel=\"noopener\"> Ver en Maps<\/a><\/p>\n<\/div>\n<\/div>\n\n\n\n<p class=\"wp-block-paragraph\"><\/p>","protected":false},"excerpt":{"rendered":"<p>Playas y calas que enamoran Estas son algunas de nuestras playas favoritas cerca de Son Manx\u00e9 Cada una tiene su encanto: desde calas m\u00e1s salvajes hasta opciones c\u00f3modas y familiares [&hellip;]<\/p>\n","protected":false},"author":1,"featured_media":0,"parent":0,"menu_order":0,"comment_status":"closed","ping_status":"closed","template":"","meta":{"_uag_custom_page_level_css":"","site-sidebar-layout":"default","site-content-layout":"","ast-site-content-layout":"default","site-content-style":"default","site-sidebar-style":"default","ast-global-header-display":"","ast-banner-title-visibility":"","ast-main-header-display":"","ast-hfb-above-header-display":"","ast-hfb-below-header-display":"","ast-hfb-mobile-header-display":"","site-post-title":"disabled","ast-breadcrumbs-content":"","ast-featured-img":"","footer-sml-layout":"","ast-disable-related-posts":"","theme-transparent-header-meta":"","adv-header-id-meta":"","stick-header-meta":"","header-above-stick-meta":"","header-main-stick-meta":"","header-below-stick-meta":"","astra-migrate-meta-layouts":"default","ast-page-background-enabled":"default","ast-page-background-meta":{"desktop":{"background-color":"var(--ast-global-color-5)","background-image":"","background-repeat":"repeat","background-position":"center center","background-size":"auto","background-attachment":"scroll","background-type":"","background-media":"","overlay-type":"","overlay-color":"","overlay-opacity":"","overlay-gradient":""},"tablet":{"background-color":"","background-image":"","background-repeat":"repeat","background-position":"center center","background-size":"auto","background-attachment":"scroll","background-type":"","background-media":"","overlay-type":"","overlay-color":"","overlay-opacity":"","overlay-gradient":""},"mobile":{"background-color":"","background-image":"","background-repeat":"repeat","background-position":"center center","background-size":"auto","background-attachment":"scroll","background-type":"","background-media":"","overlay-type":"","overlay-color":"","overlay-opacity":"","overlay-gradient":""}},"ast-content-background-meta":{"desktop":{"background-color":"var(--ast-global-color-4)","background-image":"","background-repeat":"repeat","background-position":"center center","background-size":"auto","background-attachment":"scroll","background-type":"","background-media":"","overlay-type":"","overlay-color":"","overlay-opacity":"","overlay-gradient":""},"tablet":{"background-color":"var(--ast-global-color-4)","background-image":"","background-repeat":"repeat","background-position":"center center","background-size":"auto","background-attachment":"scroll","background-type":"","background-media":"","overlay-type":"","overlay-color":"","overlay-opacity":"","overlay-gradient":""},"mobile":{"background-color":"var(--ast-global-color-4)","background-image":"","background-repeat":"repeat","background-position":"center center","background-size":"auto","background-attachment":"scroll","background-type":"","background-media":"","overlay-type":"","overlay-color":"","overlay-opacity":"","overlay-gradient":""}},"footnotes":""},"class_list":["post-325","page","type-page","status-publish","hentry"],"uagb_featured_image_src":{"full":false,"thumbnail":false,"medium":false,"medium_large":false,"large":false,"1536x1536":false,"2048x2048":false,"trp-custom-language-flag":false},"uagb_author_info":{"display_name":"Janadoc","author_link":"https:\/\/www.sonmanxe.com\/de\/author\/infojanadocgmail-com\/"},"uagb_comment_info":0,"uagb_excerpt":"Playas y calas que enamoran Estas son algunas de nuestras playas favoritas cerca de Son Manx\u00e9 Cada una tiene su encanto: desde calas m\u00e1s salvajes hasta opciones c\u00f3modas y familiares [&hellip;]","_links":{"self":[{"href":"https:\/\/www.sonmanxe.com\/de\/wp-json\/wp\/v2\/pages\/325","targetHints":{"allow":["GET"]}}],"collection":[{"href":"https:\/\/www.sonmanxe.com\/de\/wp-json\/wp\/v2\/pages"}],"about":[{"href":"https:\/\/www.sonmanxe.com\/de\/wp-json\/wp\/v2\/types\/page"}],"author":[{"embeddable":true,"href":"https:\/\/www.sonmanxe.com\/de\/wp-json\/wp\/v2\/users\/1"}],"replies":[{"embeddable":true,"href":"https:\/\/www.sonmanxe.com\/de\/wp-json\/wp\/v2\/comments?post=325"}],"version-history":[{"count":12,"href":"https:\/\/www.sonmanxe.com\/de\/wp-json\/wp\/v2\/pages\/325\/revisions"}],"predecessor-version":[{"id":854,"href":"https:\/\/www.sonmanxe.com\/de\/wp-json\/wp\/v2\/pages\/325\/revisions\/854"}],"wp:attachment":[{"href":"https:\/\/www.sonmanxe.com\/de\/wp-json\/wp\/v2\/media?parent=325"}],"curies":[{"name":"wp","href":"https:\/\/api.w.org\/{rel}","templated":true}]}}